{"id":1276,"date":"2021-03-30T01:11:09","date_gmt":"2021-03-30T06:11:09","guid":{"rendered":"https:\/\/leonesmonarcasantarosa.org\/?page_id=1276"},"modified":"2021-04-13T01:55:07","modified_gmt":"2021-04-13T06:55:07","slug":"atencion-integral-al-adulto-mayor","status":"publish","type":"page","link":"https:\/\/leonesmonarcasantarosa.org\/?page_id=1276","title":{"rendered":"Atenci\u00f3n integral al adulto mayor"},"content":{"rendered":"<div class=\"wpb-content-wrapper\">[vc_row full_width=\u00bbstretch_row_content\u00bb][vc_column]\n\t\t\t<!-- START adulto mayor REVOLUTION SLIDER 6.6.14 --><p class=\"rs-p-wp-fix\"><\/p>\n\t\t\t<rs-module-wrap id=\"rev_slider_7_1_wrapper\" data-source=\"gallery\" style=\"visibility:hidden;background:transparent;padding:0;margin:0px auto;margin-top:0;margin-bottom:0;\">\n\t\t\t\t<rs-module id=\"rev_slider_7_1\" style=\"\" data-version=\"6.6.14\">\n\t\t\t\t\t<rs-slides style=\"overflow: hidden; position: absolute;\">\n\t\t\t\t\t\t<rs-slide style=\"position: absolute;\" data-key=\"rs-10\" data-title=\"Slide\" data-anim=\"ms:1000;r:0;\" data-in=\"o:0;\" data-out=\"a:false;\">\n\t\t\t\t\t\t\t<img decoding=\"async\" src=\"\/\/leonesmonarcasantarosa.org\/wp-content\/plugins\/revslider_\/public\/assets\/assets\/dummy.png\" alt=\"\" title=\"BannerAdulto\" width=\"1920\" height=\"700\" class=\"rev-slidebg tp-rs-img rs-lazyload\" data-lazyload=\"\/\/leonesmonarcasantarosa.org\/wp-content\/uploads\/2021\/04\/BannerAdulto.jpg\" data-bg=\"f:contain;\" data-no-retina>\n<!--\n\t\t\t\t\t\t\t--><rs-layer\n\t\t\t\t\t\t\t\tid=\"slider-7-slide-10-layer-0\" \n\t\t\t\t\t\t\t\tdata-type=\"text\"\n\t\t\t\t\t\t\t\tdata-color=\"#ffffff\"\n\t\t\t\t\t\t\t\tdata-rsp_ch=\"on\"\n\t\t\t\t\t\t\t\tdata-xy=\"x:258px;y:419px;\"\n\t\t\t\t\t\t\t\tdata-text=\"w:normal;s:86;l:80;fw:500;\"\n\t\t\t\t\t\t\t\tdata-dim=\"w:1059.69px;\"\n\t\t\t\t\t\t\t\tdata-frame_999=\"o:0;st:w;\"\n\t\t\t\t\t\t\t\tstyle=\"z-index:5;font-family:'Arial', 'Helvetica', 'sans-serif';\"\n\t\t\t\t\t\t\t>ATENCI\u00d3N INTEGRAL ADULTO MAYOR \n\t\t\t\t\t\t\t<\/rs-layer><!--\n\n\t\t\t\t\t\t\t--><rs-layer\n\t\t\t\t\t\t\t\tid=\"slider-7-slide-10-layer-1\" \n\t\t\t\t\t\t\t\tdata-type=\"text\"\n\t\t\t\t\t\t\t\tdata-color=\"transparent\"\n\t\t\t\t\t\t\t\tdata-rsp_ch=\"on\"\n\t\t\t\t\t\t\t\tdata-xy=\"x:264px;y:558px;\"\n\t\t\t\t\t\t\t\tdata-text=\"w:normal;s:31;l:27;fw:100;\"\n\t\t\t\t\t\t\t\tdata-dim=\"h:27px;\"\n\t\t\t\t\t\t\t\tdata-border=\"bos:solid;boc:#e6b200;bow:0,0,6px,0;\"\n\t\t\t\t\t\t\t\tdata-frame_999=\"o:0;st:w;\"\n\t\t\t\t\t\t\t\tstyle=\"z-index:6;font-family:'Roboto';\"\n\t\t\t\t\t\t\t>.................. \n\t\t\t\t\t\t\t<\/rs-layer><!--\n-->\t\t\t\t\t\t<\/rs-slide>\n\t\t\t\t\t<\/rs-slides>\n\t\t\t\t<\/rs-module>\n\t\t\t\t<script>\n\t\t\t\t\tsetREVStartSize({c: 'rev_slider_7_1',rl:[1240,1024,778,480],el:[700],gw:[1920],gh:[700],type:'standard',justify:'',layout:'fullwidth',mh:\"0\"});if (window.RS_MODULES!==undefined && window.RS_MODULES.modules!==undefined && window.RS_MODULES.modules[\"revslider71\"]!==undefined) {window.RS_MODULES.modules[\"revslider71\"].once = false;window.revapi7 = undefined;if (window.RS_MODULES.checkMinimal!==undefined) window.RS_MODULES.checkMinimal()}\n\t\t\t\t<\/script>\n\t\t\t<\/rs-module-wrap>\n\t\t\t<!-- END REVOLUTION SLIDER -->\n[\/vc_column][\/vc_row][vc_row content_placement=\u00bbmiddle\u00bb css=\u00bb.vc_custom_1617178265001{background-position: center !important;background-repeat: no-repeat !important;background-size: contain !important;}\u00bb][vc_column offset=\u00bbvc_hidden-xs\u00bb][vc_row_inner css=\u00bb.vc_custom_1617178273638{background-color: #ffffff !important;}\u00bb][vc_column_inner width=\u00bb1\/2&#8243; css=\u00bb.vc_custom_1617180550090{margin-right: -30px !important;margin-left: 30px !important;}\u00bb][vc_column_text css=\u00bb.vc_custom_1617180182769{margin-top: 50px !important;padding-right: 100px !important;}\u00bb]\n<h2><img loading=\"lazy\" decoding=\"async\" class=\"wp-image-1172 alignleft\" src=\"https:\/\/leonesmonarcasantarosa.org\/wp-content\/uploads\/2021\/03\/icono-vejez-home-300x275.jpg\" alt=\"\" width=\"60\" height=\"55\" srcset=\"https:\/\/leonesmonarcasantarosa.org\/wp-content\/uploads\/2021\/03\/icono-vejez-home-300x275.jpg 300w, https:\/\/leonesmonarcasantarosa.org\/wp-content\/uploads\/2021\/03\/icono-vejez-home.jpg 313w\" sizes=\"auto, (max-width: 60px) 100vw, 60px\" \/>Datos sobre la atenci\u00f3n integral al adulto mayor<\/h2>\n[\/vc_column_text][vc_column_text css=\u00bb.vc_custom_1617180665229{margin-right: 100px !important;margin-bottom: -1px !important;}\u00bb]<span style=\"font-weight: 400; font-size: 14px; color: #000000;\">Generalmente, una persona adulta mayor es una persona de 60 a\u00f1os o m\u00e1s de edad. Las personas adultas mayores son sujetos de derecho, socialmente activos, con garant\u00edas y responsabilidades respecto de s\u00ed mismas, su familia y su sociedad, con su entorno inmediato y con las futuras generaciones. Las personas envejecen de m\u00faltiples maneras dependiendo de las experiencias, eventos cruciales y transiciones afrontadas durante sus cursos de vida, es decir, implica procesos de desarrollo y de deterioro.<\/span>[\/vc_column_text][\/vc_column_inner][vc_column_inner width=\u00bb1\/2&#8243;][vc_single_image image=\u00bb1485&#8243; img_size=\u00bbfull\u00bb css=\u00bb.vc_custom_1617180955631{margin-top: -35px !important;margin-bottom: 1px !important;margin-left: -90px !important;}\u00bb][\/vc_column_inner][\/vc_row_inner][vc_row_inner css=\u00bb.vc_custom_1618296222457{margin-top: 30px !important;background-color: #ffffff !important;}\u00bb][vc_column_inner width=\u00bb1\/2&#8243;][vc_single_image image=\u00bb1484&#8243; img_size=\u00bbfull\u00bb css=\u00bb.vc_custom_1617178374413{margin-top: -35px !important;margin-bottom: 1px !important;margin-left: -18px !important;}\u00bb][\/vc_column_inner][vc_column_inner width=\u00bb1\/2&#8243;][vc_column_text css=\u00bb.vc_custom_1617178873396{margin-top: 100px !important;margin-left: 30px !important;}\u00bb]<span style=\"font-weight: 400; font-size: 14px; color: #000000;\">El envejecimiento saludable es un proceso continuo de optimizaci\u00f3n de oportunidades para mantener y mejorar la salud f\u00edsica y mental, la independencia y la calidad de vida a lo largo de la vida. El Decenio (2020-2030) fue nombrado per\u00edodo del Envejecimiento Saludable, que ofrece la oportunidad de aunar a los gobiernos, la sociedad civil, los organismos internacionales, los profesionales, las instituciones acad\u00e9micas, los medios de comunicaci\u00f3n y el sector privado en torno a diez a\u00f1os de acci\u00f3n concertada, catalizadora y de colaboraci\u00f3n para mejorar las vidas de las personas mayores, sus familias y las comunidades en las que viven.<\/span>[\/vc_column_text][\/vc_column_inner][\/vc_row_inner][vc_row_inner css=\u00bb.vc_custom_1618296234418{margin-top: 30px !important;background-color: #ffffff !important;}\u00bb][vc_column_inner width=\u00bb1\/2&#8243; css=\u00bb.vc_custom_1617178834924{margin-left: 30px !important;}\u00bb][vc_column_text css=\u00bb.vc_custom_1617086650254{padding-right: 100px !important;}\u00bb]\n<h2><img loading=\"lazy\" decoding=\"async\" class=\"wp-image-1172 alignleft\" src=\"https:\/\/leonesmonarcasantarosa.org\/wp-content\/uploads\/2021\/03\/icono-vejez-home-300x275.jpg\" alt=\"\" width=\"60\" height=\"55\" srcset=\"https:\/\/leonesmonarcasantarosa.org\/wp-content\/uploads\/2021\/03\/icono-vejez-home-300x275.jpg 300w, https:\/\/leonesmonarcasantarosa.org\/wp-content\/uploads\/2021\/03\/icono-vejez-home.jpg 313w\" sizes=\"auto, (max-width: 60px) 100vw, 60px\" \/>Estad\u00edsticas globales<\/h2>\n[\/vc_column_text][vc_column_text css=\u00bb.vc_custom_1617180889157{margin-right: 80px !important;margin-bottom: -20px !important;}\u00bb]<span style=\"font-weight: 400; font-size: 14px; color: #000000;\">En 2019, el 16% de la poblaci\u00f3n de la Regi\u00f3n ten\u00eda m\u00e1s de 60 a\u00f1os. Esto solo se espera que aumente, en 2100 se proyecta que el 36% tendr\u00e1 m\u00e1s de 60 a\u00f1os.<\/span><\/p>\n<p><span style=\"font-weight: 400; font-size: 14px; color: #000000;\">Se estima que para 2050 se duplicar\u00e1 el n\u00famero de personas mayores de 60 a\u00f1os a nivel mundial y en la regi\u00f3n de las Am\u00e9ricas.<\/span><\/p>\n<p><span style=\"font-weight: 400; font-size: 14px; color: #000000;\">En 2025, las personas de 60 a\u00f1os y m\u00e1s representar\u00e1n el 18,6% de la poblaci\u00f3n total de la regi\u00f3n. <\/span><\/p>\n<p><span style=\"font-weight: 400; font-size: 14px; color: #000000;\">Am\u00e9rica Latina y el Caribe es la segunda regi\u00f3n de m\u00e1s r\u00e1pido crecimiento en t\u00e9rminos del n\u00famero de personas mayores de 60 a\u00f1os, detr\u00e1s de \u00c1frica. Sin embargo, el aumento de la esperanza de vida no se traduce necesariamente en calidad de vida. <\/span><\/p>\n<p><span style=\"font-weight: 400; font-size: 14px; color: #000000;\">Se espera que la proporci\u00f3n de las edades de 15-64 a 65 a\u00f1os disminuya a 6.00 en 2050.<\/span>[\/vc_column_text][\/vc_column_inner][vc_column_inner width=\u00bb1\/2&#8243;][vc_single_image image=\u00bb1485&#8243; img_size=\u00bbfull\u00bb css=\u00bb.vc_custom_1617180855506{margin-top: -35px !important;margin-bottom: 1px !important;margin-left: -93px !important;}\u00bb][\/vc_column_inner][\/vc_row_inner][vc_row_inner css=\u00bb.vc_custom_1618296240572{margin-top: 30px !important;background-color: #ffffff !important;}\u00bb][vc_column_inner width=\u00bb1\/2&#8243;][vc_single_image image=\u00bb1486&#8243; img_size=\u00bbfull\u00bb css=\u00bb.vc_custom_1617178517882{margin-top: -35px !important;margin-bottom: 1px !important;margin-left: -18px !important;}\u00bb][\/vc_column_inner][vc_column_inner width=\u00bb1\/2&#8243;][vc_column_text css=\u00bb.vc_custom_1617179147291{margin-top: 100px !important;margin-right: 30px !important;margin-left: 30px !important;}\u00bb]<span style=\"font-weight: 400; font-size: 14px; color: #000000;\">El n\u00famero de a\u00f1os vividos con una discapacidad para la poblaci\u00f3n de 80 a\u00f1os + ha aumentado aproximadamente en un 77% durante la \u00faltima d\u00e9cada y media.<br \/>\n<\/span><\/p>\n<p><span style=\"font-weight: 400; font-size: 14px; color: #000000;\">Conforme al Censo Nacional de Poblaci\u00f3n y Vivienda de 2018 (DANE), para el a\u00f1o 2019 se proyect\u00f3 un total de 6.509.512 personas de 60 a\u00f1os o m\u00e1s, lo que represent\u00f3 el 13,2% de la poblaci\u00f3n total colombiana en ese mismo a\u00f1o.<\/span>[\/vc_column_text][\/vc_column_inner][\/vc_row_inner][vc_row_inner css=\u00bb.vc_custom_1618296247781{margin-top: 30px !important;background-color: #ffffff !important;}\u00bb][vc_column_inner width=\u00bb1\/2&#8243; css=\u00bb.vc_custom_1617179690033{margin-left: 30px !important;}\u00bb][vc_column_text css=\u00bb.vc_custom_1617086650254{padding-right: 100px !important;}\u00bb]\n<h2><img loading=\"lazy\" decoding=\"async\" class=\"wp-image-1172 alignleft\" src=\"https:\/\/leonesmonarcasantarosa.org\/wp-content\/uploads\/2021\/03\/icono-vejez-home-300x275.jpg\" alt=\"\" width=\"60\" height=\"55\" srcset=\"https:\/\/leonesmonarcasantarosa.org\/wp-content\/uploads\/2021\/03\/icono-vejez-home-300x275.jpg 300w, https:\/\/leonesmonarcasantarosa.org\/wp-content\/uploads\/2021\/03\/icono-vejez-home.jpg 313w\" sizes=\"auto, (max-width: 60px) 100vw, 60px\" \/>Estad\u00edsticas globales<\/h2>\n[\/vc_column_text][vc_column_text css=\u00bb.vc_custom_1617179766688{margin-right: 100px !important;}\u00bb]<span style=\"font-weight: 400; font-size: 14px; color: #000000;\">Conoce nuestros planes de acci\u00f3n:<\/span><\/p>\n<p><span style=\"font-weight: 400; font-size: 14px; color: #000000;\">Fundaci\u00f3n Centro de Bienestar y Vida Betsab\u00e9 Arbel\u00e1ez<\/span><\/p>\n<p><span style=\"font-weight: 400; font-size: 14px; color: #000000;\">La Fundaci\u00f3n Centro de Bienestar y Vida Betsab\u00e9 Arbel\u00e1ez tiene como domicilio principal de su actividad la direcci\u00f3n, CARRERA 14 28 50 en la ciudad de SANTA ROSA DE CABAL, RISARALDA. El tel\u00e9fono de Fundaci\u00f3n Centro de Bienestar y Vida Betsab\u00e9 Arbel\u00e1ez es el (6)3641180. Fue constituida como ENTIDAD SIN ANIMO DE LUCRO y se dedica a Actividades de atenci\u00f3n en instituciones para el cuidado de personas mayores y\/o discapacitadas.<\/span><\/p>\n<p><span style=\"font-weight: 400; font-size: 14px; color: #000000;\">Buscamos ofrecer bienestar y calidad en los servicios prestados a las personas mayores residentes en nuestra instituci\u00f3n. Nuestro objetivo es hacer cada vez m\u00e1s grata su vida.\u00bbEMBELLEZCAMOS SU OCASO COMO ELLOS EMBELLECIERON NUESTRA AURORA\u00bb<\/span>[\/vc_column_text][\/vc_column_inner][vc_column_inner width=\u00bb1\/2&#8243;][vc_single_image image=\u00bb1485&#8243; img_size=\u00bbfull\u00bb css=\u00bb.vc_custom_1617181007895{margin-top: -35px !important;margin-bottom: 1px !important;margin-left: -93px !important;}\u00bb][\/vc_column_inner][\/vc_row_inner][\/vc_column][\/vc_row][vc_row css=\u00bb.vc_custom_1617179195901{margin-top: 40px !important;margin-bottom: 50px !important;}\u00bb][vc_column offset=\u00bbvc_hidden-xs\u00bb][vc_row_inner][vc_column_inner width=\u00bb1\/3&#8243;][\/vc_column_inner][vc_column_inner width=\u00bb1\/3&#8243;][mvc_advanced_button align=\u00bbcenter\u00bb icon_position=\u00bbright\u00bb btn_text=\u00bbConoce m\u00e1s\u00bb padding_top=\u00bb15&#8243; btn_size=\u00bb25&#8243; icon_size=\u00bb25&#8243; use_theme_fonts=\u00bbyes\u00bb btn_icon=\u00bbfas fa-caret-down\u00bb btn_clr=\u00bb#ffffff\u00bb btn_bg=\u00bb#0d2240&#8243; btn_hvrclr=\u00bb#ffffff\u00bb btn_hvrbg=\u00bb#0d2240&#8243; btn_radius=\u00bb5&#8243; btn_url=\u00bburl:https%3A%2F%2Fleonesmonarcasantarosa.org%2Fsalvando-100-vidas%2F|title:Salvando%20100%20Vidas||\u00bb][\/vc_column_inner][vc_column_inner width=\u00bb1\/3&#8243;][\/vc_column_inner][\/vc_row_inner][vc_row_inner css=\u00bb.vc_custom_1616734071776{margin-top: 50px !important;}\u00bb][vc_column_inner width=\u00bb1\/6&#8243;][\/vc_column_inner][vc_column_inner width=\u00bb1\/3&#8243;][mvc_advanced_button align=\u00bbcenter\u00bb btn_text=\u00bbApoya esta causa <strong>Donar<\/strong>\u00bb padding_top=\u00bb15&#8243; padding_left=\u00bb100&#8243; btn_size=\u00bb20&#8243; use_theme_fonts=\u00bbyes\u00bb btn_clr=\u00bb#000000&#8243; btn_bg=\u00bb#e6b200&#8243; btn_hvrclr=\u00bb#000000&#8243; btn_hvrbg=\u00bb#e6b200&#8243; btn_radius=\u00bb5&#8243; btn_url=\u00bburl:https%3A%2F%2Fleonesmonarcasantarosa.org%2Fdonar%2F|title:Donar||\u00bb][\/vc_column_inner][vc_column_inner width=\u00bb1\/3&#8243;][mvc_advanced_button align=\u00bbcenter\u00bb btn_text=\u00bb\u00bfQuieres conocer m\u00e1s? <strong>Escr\u00edbenos<\/strong>\u00bb padding_top=\u00bb15&#8243; padding_left=\u00bb70&#8243; btn_size=\u00bb20&#8243; use_theme_fonts=\u00bbyes\u00bb btn_clr=\u00bb#000000&#8243; btn_bg=\u00bb#d60072&#8243; btn_hvrclr=\u00bb#000000&#8243; btn_hvrbg=\u00bb#d60072&#8243; btn_radius=\u00bb5&#8243; btn_url=\u00bburl:https%3A%2F%2Fleonesmonarcasantarosa.org%2Fcontactanos%2F|title:Cont%C3%A1ctanos||\u00bb caption_url=\u00bb\u00bb caption_urls=\u00bb\u00bb caption_urlss=\u00bb\u00bb][\/vc_column_inner][vc_column_inner width=\u00bb1\/6&#8243;][\/vc_column_inner][\/vc_row_inner][\/vc_column][\/vc_row][vc_row full_width=\u00bbstretch_row_content\u00bb content_placement=\u00bbmiddle\u00bb css=\u00bb.vc_custom_1618296267438{background-position: center !important;background-repeat: no-repeat !important;background-size: contain !important;}\u00bb][vc_column offset=\u00bbvc_hidden-lg vc_hidden-md vc_hidden-sm\u00bb][vc_row_inner css=\u00bb.vc_custom_1617178273638{background-color: #ffffff !important;}\u00bb][vc_column_inner width=\u00bb1\/2&#8243;][vc_single_image image=\u00bb1485&#8243; img_size=\u00bbfull\u00bb css=\u00bb.vc_custom_1618296301509{margin-bottom: 1px !important;}\u00bb][\/vc_column_inner][vc_column_inner width=\u00bb1\/2&#8243;][vc_column_text css=\u00bb.vc_custom_1618296277984{margin-top: 50px !important;padding-right: 100px !important;}\u00bb]\n<h3><img loading=\"lazy\" decoding=\"async\" class=\"wp-image-1172 alignleft\" src=\"https:\/\/leonesmonarcasantarosa.org\/wp-content\/uploads\/2021\/03\/icono-vejez-home-300x275.jpg\" alt=\"\" width=\"60\" height=\"55\" srcset=\"https:\/\/leonesmonarcasantarosa.org\/wp-content\/uploads\/2021\/03\/icono-vejez-home-300x275.jpg 300w, https:\/\/leonesmonarcasantarosa.org\/wp-content\/uploads\/2021\/03\/icono-vejez-home.jpg 313w\" sizes=\"auto, (max-width: 60px) 100vw, 60px\" \/>Datos sobre la atenci\u00f3n integral al adulto mayor<\/h3>\n[\/vc_column_text][vc_column_text css=\u00bb.vc_custom_1618296287326{margin-bottom: -1px !important;padding-right: 20px !important;padding-left: 20px !important;}\u00bb]<span style=\"font-weight: 400; font-size: 14px; color: #000000;\">Generalmente, una persona adulta mayor es una persona de 60 a\u00f1os o m\u00e1s de edad. Las personas adultas mayores son sujetos de derecho, socialmente activos, con garant\u00edas y responsabilidades respecto de s\u00ed mismas, su familia y su sociedad, con su entorno inmediato y con las futuras generaciones. Las personas envejecen de m\u00faltiples maneras dependiendo de las experiencias, eventos cruciales y transiciones afrontadas durante sus cursos de vida, es decir, implica procesos de desarrollo y de deterioro.<\/span>[\/vc_column_text][\/vc_column_inner][\/vc_row_inner][vc_row_inner css=\u00bb.vc_custom_1618296327083{margin-top: 30px !important;background-color: #ffffff !important;}\u00bb][vc_column_inner width=\u00bb1\/2&#8243;][vc_single_image image=\u00bb1484&#8243; img_size=\u00bbfull\u00bb css=\u00bb.vc_custom_1618296312209{margin-bottom: 1px !important;}\u00bb][\/vc_column_inner][vc_column_inner width=\u00bb1\/2&#8243;][vc_column_text]<span style=\"font-weight: 400; font-size: 14px; color: #000000;\">El envejecimiento saludable es un proceso continuo de optimizaci\u00f3n de oportunidades para mantener y mejorar la salud f\u00edsica y mental, la independencia y la calidad de vida a lo largo de la vida. El Decenio (2020-2030) fue nombrado per\u00edodo del Envejecimiento Saludable, que ofrece la oportunidad de aunar a los gobiernos, la sociedad civil, los organismos internacionales, los profesionales, las instituciones acad\u00e9micas, los medios de comunicaci\u00f3n y el sector privado en torno a diez a\u00f1os de acci\u00f3n concertada, catalizadora y de colaboraci\u00f3n para mejorar las vidas de las personas mayores, sus familias y las comunidades en las que viven.<\/span>[\/vc_column_text][\/vc_column_inner][\/vc_row_inner][vc_row_inner css=\u00bb.vc_custom_1618296380530{margin-top: 30px !important;background-color: #ffffff !important;}\u00bb][vc_column_inner width=\u00bb1\/2&#8243;][vc_single_image image=\u00bb1485&#8243; img_size=\u00bbfull\u00bb css=\u00bb.vc_custom_1618296352226{margin-bottom: 1px !important;}\u00bb][\/vc_column_inner][vc_column_inner width=\u00bb1\/2&#8243;][vc_column_text css=\u00bb.vc_custom_1618296361074{padding-right: 100px !important;}\u00bb]\n<h3><img loading=\"lazy\" decoding=\"async\" class=\"wp-image-1172 alignleft\" src=\"https:\/\/leonesmonarcasantarosa.org\/wp-content\/uploads\/2021\/03\/icono-vejez-home-300x275.jpg\" alt=\"\" width=\"60\" height=\"55\" srcset=\"https:\/\/leonesmonarcasantarosa.org\/wp-content\/uploads\/2021\/03\/icono-vejez-home-300x275.jpg 300w, https:\/\/leonesmonarcasantarosa.org\/wp-content\/uploads\/2021\/03\/icono-vejez-home.jpg 313w\" sizes=\"auto, (max-width: 60px) 100vw, 60px\" \/>Estad\u00edsticas globales<\/h3>\n[\/vc_column_text][vc_column_text css=\u00bb.vc_custom_1618296389743{margin-bottom: -20px !important;padding-right: 20px !important;padding-left: 20px !important;}\u00bb]<span style=\"font-weight: 400; font-size: 14px; color: #000000;\">En 2019, el 16% de la poblaci\u00f3n de la Regi\u00f3n ten\u00eda m\u00e1s de 60 a\u00f1os. Esto solo se espera que aumente, en 2100 se proyecta que el 36% tendr\u00e1 m\u00e1s de 60 a\u00f1os.<\/span><\/p>\n<p><span style=\"font-weight: 400; font-size: 14px; color: #000000;\">Se estima que para 2050 se duplicar\u00e1 el n\u00famero de personas mayores de 60 a\u00f1os a nivel mundial y en la regi\u00f3n de las Am\u00e9ricas.<\/span><\/p>\n<p><span style=\"font-weight: 400; font-size: 14px; color: #000000;\">En 2025, las personas de 60 a\u00f1os y m\u00e1s representar\u00e1n el 18,6% de la poblaci\u00f3n total de la regi\u00f3n. <\/span><\/p>\n<p><span style=\"font-weight: 400; font-size: 14px; color: #000000;\">Am\u00e9rica Latina y el Caribe es la segunda regi\u00f3n de m\u00e1s r\u00e1pido crecimiento en t\u00e9rminos del n\u00famero de personas mayores de 60 a\u00f1os, detr\u00e1s de \u00c1frica. Sin embargo, el aumento de la esperanza de vida no se traduce necesariamente en calidad de vida. <\/span><\/p>\n<p><span style=\"font-weight: 400; font-size: 14px; color: #000000;\">Se espera que la proporci\u00f3n de las edades de 15-64 a 65 a\u00f1os disminuya a 6.00 en 2050.<\/span>[\/vc_column_text][\/vc_column_inner][\/vc_row_inner][vc_row_inner css=\u00bb.vc_custom_1618296428341{margin-top: 30px !important;background-color: #ffffff !important;}\u00bb][vc_column_inner width=\u00bb1\/2&#8243;][vc_single_image image=\u00bb1486&#8243; img_size=\u00bbfull\u00bb css=\u00bb.vc_custom_1618296417464{margin-bottom: 1px !important;}\u00bb][\/vc_column_inner][vc_column_inner width=\u00bb1\/2&#8243;][vc_column_text css=\u00bb.vc_custom_1618296410970{padding-right: 20px !important;padding-left: 20px !important;}\u00bb]<span style=\"font-weight: 400; font-size: 14px; color: #000000;\">El n\u00famero de a\u00f1os vividos con una discapacidad para la poblaci\u00f3n de 80 a\u00f1os + ha aumentado aproximadamente en un 77% durante la \u00faltima d\u00e9cada y media.<br \/>\n<\/span><\/p>\n<p><span style=\"font-weight: 400; font-size: 14px; color: #000000;\">Conforme al Censo Nacional de Poblaci\u00f3n y Vivienda de 2018 (DANE), para el a\u00f1o 2019 se proyect\u00f3 un total de 6.509.512 personas de 60 a\u00f1os o m\u00e1s, lo que represent\u00f3 el 13,2% de la poblaci\u00f3n total colombiana en ese mismo a\u00f1o.<\/span>[\/vc_column_text][\/vc_column_inner][\/vc_row_inner][vc_row_inner css=\u00bb.vc_custom_1618296472593{margin-top: 30px !important;background-color: #ffffff !important;}\u00bb][vc_column_inner width=\u00bb1\/2&#8243;][vc_single_image image=\u00bb1485&#8243; img_size=\u00bbfull\u00bb css=\u00bb.vc_custom_1618296463882{margin-bottom: 1px !important;}\u00bb][\/vc_column_inner][vc_column_inner width=\u00bb1\/2&#8243;][vc_column_text css=\u00bb.vc_custom_1618296441700{padding-right: 100px !important;}\u00bb]\n<h3><img loading=\"lazy\" decoding=\"async\" class=\"wp-image-1172 alignleft\" src=\"https:\/\/leonesmonarcasantarosa.org\/wp-content\/uploads\/2021\/03\/icono-vejez-home-300x275.jpg\" alt=\"\" width=\"60\" height=\"55\" srcset=\"https:\/\/leonesmonarcasantarosa.org\/wp-content\/uploads\/2021\/03\/icono-vejez-home-300x275.jpg 300w, https:\/\/leonesmonarcasantarosa.org\/wp-content\/uploads\/2021\/03\/icono-vejez-home.jpg 313w\" sizes=\"auto, (max-width: 60px) 100vw, 60px\" \/>Estad\u00edsticas globales<\/h3>\n[\/vc_column_text][vc_column_text css=\u00bb.vc_custom_1618296456343{padding-right: 20px !important;padding-left: 20px !important;}\u00bb]<span style=\"font-weight: 400; font-size: 14px; color: #000000;\">Conoce nuestros planes de acci\u00f3n:<\/span><\/p>\n<p><span style=\"font-weight: 400; font-size: 14px; color: #000000;\">Fundaci\u00f3n Centro de Bienestar y Vida Betsab\u00e9 Arbel\u00e1ez<\/span><\/p>\n<p><span style=\"font-weight: 400; font-size: 14px; color: #000000;\">La Fundaci\u00f3n Centro de Bienestar y Vida Betsab\u00e9 Arbel\u00e1ez tiene como domicilio principal de su actividad la direcci\u00f3n, CARRERA 14 28 50 en la ciudad de SANTA ROSA DE CABAL, RISARALDA. El tel\u00e9fono de Fundaci\u00f3n Centro de Bienestar y Vida Betsab\u00e9 Arbel\u00e1ez es el (6)3641180. Fue constituida como ENTIDAD SIN ANIMO DE LUCRO y se dedica a Actividades de atenci\u00f3n en instituciones para el cuidado de personas mayores y\/o discapacitadas.<\/span><\/p>\n<p><span style=\"font-weight: 400; font-size: 14px; color: #000000;\">Buscamos ofrecer bienestar y calidad en los servicios prestados a las personas mayores residentes en nuestra instituci\u00f3n. Nuestro objetivo es hacer cada vez m\u00e1s grata su vida.\u00bbEMBELLEZCAMOS SU OCASO COMO ELLOS EMBELLECIERON NUESTRA AURORA\u00bb<\/span>[\/vc_column_text][\/vc_column_inner][\/vc_row_inner][\/vc_column][\/vc_row][vc_row full_width=\u00bbstretch_row_content\u00bb css=\u00bb.vc_custom_1618296200093{margin-top: 40px !important;margin-bottom: 50px !important;}\u00bb][vc_column offset=\u00bbvc_hidden-lg vc_hidden-md vc_hidden-sm\u00bb][vc_row_inner][vc_column_inner width=\u00bb1\/3&#8243;][mvc_advanced_button align=\u00bbcenter\u00bb icon_position=\u00bbright\u00bb btn_text=\u00bbConoce m\u00e1s\u00bb padding_top=\u00bb15&#8243; btn_size=\u00bb20&#8243; use_theme_fonts=\u00bbyes\u00bb btn_icon=\u00bbfas fa-caret-down\u00bb btn_clr=\u00bb#ffffff\u00bb btn_bg=\u00bb#0d2240&#8243; btn_hvrclr=\u00bb#ffffff\u00bb btn_hvrbg=\u00bb#0d2240&#8243; btn_radius=\u00bb5&#8243; btn_url=\u00bburl:https%3A%2F%2Fleonesmonarcasantarosa.org%2Fsalvando-100-vidas%2F|title:Salvando%20100%20Vidas||\u00bb caption_url=\u00bb\u00bb caption_urls=\u00bb\u00bb caption_urlss=\u00bb\u00bb][\/vc_column_inner][vc_column_inner width=\u00bb1\/3&#8243; css=\u00bb.vc_custom_1618296188246{margin-top: 20px !important;}\u00bb][mvc_advanced_button align=\u00bbcenter\u00bb btn_text=\u00bbApoya esta causa <strong>Donar<\/strong>\u00bb padding_top=\u00bb15&#8243; btn_size=\u00bb20&#8243; use_theme_fonts=\u00bbyes\u00bb btn_clr=\u00bb#000000&#8243; btn_bg=\u00bb#e6b200&#8243; btn_hvrclr=\u00bb#000000&#8243; btn_hvrbg=\u00bb#e6b200&#8243; btn_radius=\u00bb5&#8243; btn_url=\u00bburl:https%3A%2F%2Fleonesmonarcasantarosa.org%2Fdonar%2F|title:Donar||\u00bb caption_url=\u00bb\u00bb caption_urls=\u00bb\u00bb caption_urlss=\u00bb\u00bb][\/vc_column_inner][vc_column_inner width=\u00bb1\/3&#8243; css=\u00bb.vc_custom_1618296193715{margin-top: 20px !important;}\u00bb][mvc_advanced_button align=\u00bbcenter\u00bb btn_text=\u00bb\u00bfQuieres conocer m\u00e1s? <strong>Escr\u00edbenos<\/strong>\u00bb padding_top=\u00bb15&#8243; padding_left=\u00bb10&#8243; btn_size=\u00bb20&#8243; use_theme_fonts=\u00bbyes\u00bb btn_clr=\u00bb#000000&#8243; btn_bg=\u00bb#d60072&#8243; btn_hvrclr=\u00bb#000000&#8243; btn_hvrbg=\u00bb#d60072&#8243; btn_radius=\u00bb5&#8243; btn_url=\u00bburl:https%3A%2F%2Fleonesmonarcasantarosa.org%2Fcontactanos%2F|title:Cont%C3%A1ctanos||\u00bb caption_url=\u00bb\u00bb caption_urls=\u00bb\u00bb caption_urlss=\u00bb\u00bb][\/vc_column_inner][\/vc_row_inner][\/vc_column][\/vc_row]\n<\/div>","protected":false},"excerpt":{"rendered":"<p>[vc_row full_width=\u00bbstretch_row_content\u00bb][vc_column][\/vc_column][\/vc_row][vc_row content_placement=\u00bbmiddle\u00bb css=\u00bb.vc_custom_1617178265001{background-position: center !important;background-repeat: no-repeat !important;background-size: contain !important;}\u00bb][vc_column offset=\u00bbvc_hidden-xs\u00bb][vc_row_inner css=\u00bb.vc_custom_1617178273638{background-color: #ffffff !important;}\u00bb][vc_column_inner width=\u00bb1\/2&#8243; css=\u00bb.vc_custom_1617180550090{margin-right: -30px !important;margin-left: 30px !important;}\u00bb][vc_column_text css=\u00bb.vc_custom_1617180182769{margin-top: 50px !important;padding-right: 100px !important;}\u00bb] Datos sobre la atenci\u00f3n integral al adulto mayor [\/vc_column_text][vc_column_text css=\u00bb.vc_custom_1617180665229{margin-right: 100px !important;margin-bottom: -1px !important;}\u00bb]Generalmente, una persona adulta mayor es una persona de 60 a\u00f1os o m\u00e1s de edad. Las personas adultas mayores son sujetos de derecho, socialmente activos, con garant\u00edas y responsabilidades respecto de s\u00ed mismas, su familia y su sociedad, con su entorno inmediato y con las futuras generaciones. Las personas envejecen de m\u00faltiples maneras dependiendo de las experiencias, eventos cruciales y transiciones afrontadas durante sus cursos de vida, es decir, implica procesos de desarrollo y de deterioro.[\/vc_column_text][\/vc_column_inner][vc_column_inner width=\u00bb1\/2&#8243;][vc_single_image image=\u00bb1485&#8243; img_size=\u00bbfull\u00bb css=\u00bb.vc_custom_1617180955631{margin-top: -35px !important;margin-bottom: 1px !important;margin-left: -90px !important;}\u00bb][\/vc_column_inner][\/vc_row_inner][vc_row_inner css=\u00bb.vc_custom_1618296222457{margin-top: 30px !important;background-color: #ffffff !important;}\u00bb][vc_column_inner width=\u00bb1\/2&#8243;][vc_single_image image=\u00bb1484&#8243; img_size=\u00bbfull\u00bb css=\u00bb.vc_custom_1617178374413{margin-top: -35px !important;margin-bottom: 1px !important;margin-left: -18px !important;}\u00bb][\/vc_column_inner][vc_column_inner width=\u00bb1\/2&#8243;][vc_column_text css=\u00bb.vc_custom_1617178873396{margin-top: 100px !important;margin-left: 30px !important;}\u00bb]El envejecimiento saludable es un proceso continuo de optimizaci\u00f3n de oportunidades para mantener y mejorar la salud f\u00edsica y mental, la independencia y la calidad de vida a lo largo de la vida. El Decenio (2020-2030) fue nombrado per\u00edodo del Envejecimiento Saludable, que ofrece la oportunidad de aunar a los gobiernos, la sociedad civil, los organismos internacionales, los profesionales, las instituciones acad\u00e9micas, los medios de comunicaci\u00f3n y el sector privado en torno a diez a\u00f1os de acci\u00f3n concertada, catalizadora y de colaboraci\u00f3n para mejorar las vidas de las personas mayores, sus familias y las comunidades en las que viven.[\/vc_column_text][\/vc_column_inner][\/vc_row_inner][vc_row_inner css=\u00bb.vc_custom_1618296234418{margin-top: 30px !important;background-color: #ffffff !important;}\u00bb][vc_column_inner width=\u00bb1\/2&#8243; css=\u00bb.vc_custom_1617178834924{margin-left: [&hellip;]<\/p>\n","protected":false},"author":5,"featured_media":0,"parent":0,"menu_order":0,"comment_status":"closed","ping_status":"closed","template":"","meta":{"footnotes":""},"class_list":["post-1276","page","type-page","status-publish","hentry"],"_links":{"self":[{"href":"https:\/\/leonesmonarcasantarosa.org\/index.php?rest_route=\/wp\/v2\/pages\/1276","targetHints":{"allow":["GET"]}}],"collection":[{"href":"https:\/\/leonesmonarcasantarosa.org\/index.php?rest_route=\/wp\/v2\/pages"}],"about":[{"href":"https:\/\/leonesmonarcasantarosa.org\/index.php?rest_route=\/wp\/v2\/types\/page"}],"author":[{"embeddable":true,"href":"https:\/\/leonesmonarcasantarosa.org\/index.php?rest_route=\/wp\/v2\/users\/5"}],"replies":[{"embeddable":true,"href":"https:\/\/leonesmonarcasantarosa.org\/index.php?rest_route=%2Fwp%2Fv2%2Fcomments&post=1276"}],"version-history":[{"count":61,"href":"https:\/\/leonesmonarcasantarosa.org\/index.php?rest_route=\/wp\/v2\/pages\/1276\/revisions"}],"predecessor-version":[{"id":1817,"href":"https:\/\/leonesmonarcasantarosa.org\/index.php?rest_route=\/wp\/v2\/pages\/1276\/revisions\/1817"}],"wp:attachment":[{"href":"https:\/\/leonesmonarcasantarosa.org\/index.php?rest_route=%2Fwp%2Fv2%2Fmedia&parent=1276"}],"curies":[{"name":"wp","href":"https:\/\/api.w.org\/{rel}","templated":true}]}}