{"id":1183,"date":"2021-03-30T11:56:22","date_gmt":"2021-03-30T16:56:22","guid":{"rendered":"https:\/\/leonesmonarcasantarosa.org\/?page_id=1183"},"modified":"2021-04-13T00:29:10","modified_gmt":"2021-04-13T05:29:10","slug":"nosotros","status":"publish","type":"page","link":"https:\/\/leonesmonarcasantarosa.org\/?page_id=1183","title":{"rendered":"Nosotros"},"content":{"rendered":"<div class=\"wpb-content-wrapper\">[vc_row full_width=\u00bbstretch_row_content\u00bb][vc_column width=\u00bb1\/6&#8243;][\/vc_column][vc_column width=\u00bb2\/3&#8243;][vc_single_image image=\u00bb1352&#8243; img_size=\u00bbfull\u00bb alignment=\u00bbcenter\u00bb][\/vc_column][vc_column width=\u00bb1\/6&#8243;][\/vc_column][\/vc_row][vc_row full_width=\u00bbstretch_row\u00bb css=\u00bb.vc_custom_1616720213159{background-color: #0d2240 !important;}\u00bb][vc_column offset=\u00bbvc_hidden-xs\u00bb][vc_row_inner css=\u00bb.vc_custom_1616786470565{padding-bottom: 30px !important;}\u00bb][vc_column_inner width=\u00bb1\/2&#8243; css=\u00bb.vc_custom_1617129799897{margin-right: 15px !important;padding-bottom: 22px !important;background-color: #ffffff !important;}\u00bb][vc_single_image image=\u00bb1303&#8243; img_size=\u00bbfull\u00bb][vc_custom_heading text=\u00bbMisi\u00f3n\u00bb font_container=\u00bbtag:h2|text_align:left|color:%23000000&#8243; use_theme_fonts=\u00bbyes\u00bb][vc_separator color=\u00bbcustom\u00bb align=\u00bbalign_left\u00bb border_width=\u00bb4&#8243; el_width=\u00bb10&#8243; accent_color=\u00bb#e6b200&#8243;][vc_column_text css=\u00bb.vc_custom_1617130771526{margin-top: -10px !important;}\u00bb]<span style=\"font-weight: 400; font-size: 16px;\"><span style=\"color: #000000;\">Somos un equipo de personas dispuestas a servir, en b\u00fasqueda permanente de contribuir con el bienestar integral de los habitantes del Municipio Santa Rosa De Cabal.<\/span><\/span>[\/vc_column_text][\/vc_column_inner][vc_column_inner width=\u00bb1\/2&#8243; css=\u00bb.vc_custom_1617129805723{margin-left: 15px !important;background-color: #ffffff !important;}\u00bb][vc_single_image image=\u00bb1304&#8243; img_size=\u00bbfull\u00bb][vc_custom_heading text=\u00bbVisi\u00f3n\u00bb font_container=\u00bbtag:h2|text_align:left|color:%23000000&#8243; use_theme_fonts=\u00bbyes\u00bb][vc_separator color=\u00bbcustom\u00bb align=\u00bbalign_left\u00bb border_width=\u00bb4&#8243; el_width=\u00bb10&#8243; accent_color=\u00bb#e6b200&#8243;][vc_column_text css=\u00bb.vc_custom_1617130814306{margin-top: -10px !important;}\u00bb]<span style=\"font-weight: 400; font-size: 16px;\"><span style=\"color: #000000;\">Ser un escenario para la participaci\u00f3n activa de nuestros miembros y aliados estrat\u00e9gicos, quienes servimos al pr\u00f3jimo y cumplimos con un trabajo de altos est\u00e1ndares, para lograr calidad de vida de las personas quienes conformamos este territorio del Eje Cafetero Colombiano.<\/span><\/span>[\/vc_column_text][\/vc_column_inner][\/vc_row_inner][\/vc_column][\/vc_row][vc_row full_width=\u00bbstretch_row\u00bb css=\u00bb.vc_custom_1616720213159{background-color: #0d2240 !important;}\u00bb][vc_column offset=\u00bbvc_hidden-lg vc_hidden-md vc_hidden-sm\u00bb][vc_row_inner css=\u00bb.vc_custom_1618291394175{padding-bottom: 30px !important;}\u00bb][vc_column_inner width=\u00bb1\/2&#8243; css=\u00bb.vc_custom_1618291386355{padding-bottom: 22px !important;background-color: #ffffff !important;}\u00bb][vc_single_image image=\u00bb1303&#8243; img_size=\u00bbfull\u00bb][vc_custom_heading text=\u00bbMisi\u00f3n\u00bb font_container=\u00bbtag:h2|text_align:left|color:%23000000&#8243; use_theme_fonts=\u00bbyes\u00bb][vc_separator color=\u00bbcustom\u00bb align=\u00bbalign_left\u00bb border_width=\u00bb4&#8243; el_width=\u00bb10&#8243; accent_color=\u00bb#e6b200&#8243;][vc_column_text css=\u00bb.vc_custom_1617130771526{margin-top: -10px !important;}\u00bb]<span style=\"font-weight: 400; font-size: 16px;\"><span style=\"color: #000000;\">Somos un equipo de personas dispuestas a servir, en b\u00fasqueda permanente de contribuir con el bienestar integral de los habitantes del Municipio Santa Rosa De Cabal.<\/span><\/span>[\/vc_column_text][\/vc_column_inner][vc_column_inner width=\u00bb1\/2&#8243; css=\u00bb.vc_custom_1618291441619{margin-top: 20px !important;background-color: #ffffff !important;}\u00bb][vc_single_image image=\u00bb1304&#8243; img_size=\u00bbfull\u00bb][vc_custom_heading text=\u00bbVisi\u00f3n\u00bb font_container=\u00bbtag:h2|text_align:left|color:%23000000&#8243; use_theme_fonts=\u00bbyes\u00bb][vc_separator color=\u00bbcustom\u00bb align=\u00bbalign_left\u00bb border_width=\u00bb4&#8243; el_width=\u00bb10&#8243; accent_color=\u00bb#e6b200&#8243;][vc_column_text css=\u00bb.vc_custom_1617130814306{margin-top: -10px !important;}\u00bb]<span style=\"font-weight: 400; font-size: 16px;\"><span style=\"color: #000000;\">Ser un escenario para la participaci\u00f3n activa de nuestros miembros y aliados estrat\u00e9gicos, quienes servimos al pr\u00f3jimo y cumplimos con un trabajo de altos est\u00e1ndares, para lograr calidad de vida de las personas quienes conformamos este territorio del Eje Cafetero Colombiano.<\/span><\/span>[\/vc_column_text][\/vc_column_inner][\/vc_row_inner][\/vc_column][\/vc_row][vc_row full_width=\u00bbstretch_row\u00bb][vc_column offset=\u00bbvc_hidden-xs\u00bb][vc_row_inner css=\u00bb.vc_custom_1616786470565{padding-bottom: 30px !important;}\u00bb][vc_column_inner width=\u00bb1\/2&#8243; css=\u00bb.vc_custom_1617130919863{margin-right: 15px !important;}\u00bb][vc_single_image image=\u00bb1305&#8243; img_size=\u00bbfull\u00bb][vc_custom_heading text=\u00bbValores organizacionales\u00bb use_theme_fonts=\u00bbyes\u00bb][vc_separator color=\u00bbcustom\u00bb align=\u00bbalign_left\u00bb border_width=\u00bb4&#8243; el_width=\u00bb10&#8243; accent_color=\u00bb#e6b200&#8243;][vc_column_text css=\u00bb.vc_custom_1617131145802{margin-top: -10px !important;}\u00bb]<span style=\"font-weight: 400; font-size: 16px;\"><span style=\"color: #000000;\">-Compromiso.\u00a0 &#8211; Solidaridad. -Amistad.\u00a0 -Respeto<\/span><\/span><\/p>\n<p><span style=\"font-weight: 400; font-size: 16px;\"><span style=\"color: #000000;\">-Servicio. -Participaci\u00f3n. -Dedicaci\u00f3n -Humanidad.<\/span>[\/vc_column_text][\/vc_column_inner][vc_column_inner width=\u00bb1\/2&#8243; css=\u00bb.vc_custom_1617130926430{margin-left: 15px !important;}\u00bb][vc_single_image image=\u00bb1306&#8243; img_size=\u00bbfull\u00bb][vc_custom_heading text=\u00bbPropuesta de valor\u00bb use_theme_fonts=\u00bbyes\u00bb][vc_separator color=\u00bbcustom\u00bb align=\u00bbalign_left\u00bb border_width=\u00bb4&#8243; el_width=\u00bb10&#8243; accent_color=\u00bb#e6b200&#8243;][vc_column_text css=\u00bb.vc_custom_1617130979437{margin-top: -10px !important;}\u00bb]<span style=\"font-weight: 400; font-size: 16px;\"><span style=\"color: #000000;\">Nosotros ayudamos a las personas, familias, comunidades e instituciones del municipio Santa Rosa de Cabal, a resolver los problemas del hambre, diabetes, salud visual, c\u00e1ncer infantil, medio ambiente, desastres y de adultos mayores, entre otros, para lograr alcanzar cada d\u00eda mejores niveles de calidad por medio de los servicios de ayuda humanitaria que prestamos.<br \/>\n<\/span><\/span>[\/vc_column_text][\/vc_column_inner][\/vc_row_inner][\/vc_column][\/vc_row][vc_row full_width=\u00bbstretch_row\u00bb css=\u00bb.vc_custom_1618291651714{margin-top: 30px !important;}\u00bb][vc_column offset=\u00bbvc_hidden-lg vc_hidden-md vc_hidden-sm\u00bb][vc_row_inner css=\u00bb.vc_custom_1616786470565{padding-bottom: 30px !important;}\u00bb][vc_column_inner width=\u00bb1\/2&#8243;][vc_single_image image=\u00bb1305&#8243; img_size=\u00bbfull\u00bb][vc_custom_heading text=\u00bbValores organizacionales\u00bb use_theme_fonts=\u00bbyes\u00bb][vc_separator color=\u00bbcustom\u00bb align=\u00bbalign_left\u00bb border_width=\u00bb4&#8243; el_width=\u00bb10&#8243; accent_color=\u00bb#e6b200&#8243;][vc_column_text css=\u00bb.vc_custom_1617131145802{margin-top: -10px !important;}\u00bb]<span style=\"font-weight: 400; font-size: 16px;\"><span style=\"color: #000000;\">-Compromiso.\u00a0 &#8211; Solidaridad. -Amistad.\u00a0 -Respeto<\/span><\/span><\/span><\/p>\n<p><span style=\"font-weight: 400; font-size: 16px;\"><span style=\"color: #000000;\">-Servicio. -Participaci\u00f3n. -Dedicaci\u00f3n -Humanidad.<\/span>[\/vc_column_text][\/vc_column_inner][vc_column_inner width=\u00bb1\/2&#8243; css=\u00bb.vc_custom_1618291477751{margin-top: 20px !important;}\u00bb][vc_single_image image=\u00bb1306&#8243; img_size=\u00bbfull\u00bb][vc_custom_heading text=\u00bbPropuesta de valor\u00bb use_theme_fonts=\u00bbyes\u00bb][vc_separator color=\u00bbcustom\u00bb align=\u00bbalign_left\u00bb border_width=\u00bb4&#8243; el_width=\u00bb10&#8243; accent_color=\u00bb#e6b200&#8243;][vc_column_text css=\u00bb.vc_custom_1617130979437{margin-top: -10px !important;}\u00bb]<span style=\"font-weight: 400; font-size: 16px;\"><span style=\"color: #000000;\">Nosotros ayudamos a las personas, familias, comunidades e instituciones del municipio Santa Rosa de Cabal, a resolver los problemas del hambre, diabetes, salud visual, c\u00e1ncer infantil, medio ambiente, desastres y de adultos mayores, entre otros, para lograr alcanzar cada d\u00eda mejores niveles de calidad por medio de los servicios de ayuda humanitaria que prestamos.<br \/>\n<\/span><\/span>[\/vc_column_text][\/vc_column_inner][\/vc_row_inner][\/vc_column][\/vc_row][vc_row full_width=\u00bbstretch_row_content\u00bb css=\u00bb.vc_custom_1617131639570{margin-top: 30px !important;background-image: url(https:\/\/leonesmonarcasantarosa.org\/wp-content\/uploads\/2021\/03\/ActaConstitutiva2.jpg?id=1331) !important;background-position: center !important;background-repeat: no-repeat !important;background-size: cover !important;}\u00bb][vc_column offset=\u00bbvc_hidden-xs\u00bb][vc_row_inner][vc_column_inner width=\u00bb1\/2&#8243; css=\u00bb.vc_custom_1617136121511{margin-left: 100px !important;}\u00bb][vc_column_text css=\u00bb.vc_custom_1617136096472{padding-top: 200px !important;}\u00bb]<span style=\"font-weight: 600; font-size: 60px;\"><span style=\"color: #ffffff;\">Acta<\/span><\/span><\/span><\/p>\n<p><span style=\"font-weight: 600; font-size: 60px;\"><span style=\"color: #e6b200;\">Constitutiva<\/span><\/span>[\/vc_column_text][\/vc_column_inner][vc_column_inner width=\u00bb1\/2&#8243;][vc_single_image image=\u00bb1330&#8243; img_size=\u00bb300&#215;474&#8243; alignment=\u00bbcenter\u00bb onclick=\u00bbzoom\u00bb][\/vc_column_inner][\/vc_row_inner][\/vc_column][\/vc_row][vc_row full_width=\u00bbstretch_row_content\u00bb css=\u00bb.vc_custom_1617131639570{margin-top: 30px !important;background-image: url(https:\/\/leonesmonarcasantarosa.org\/wp-content\/uploads\/2021\/03\/ActaConstitutiva2.jpg?id=1331) !important;background-position: center !important;background-repeat: no-repeat !important;background-size: cover !important;}\u00bb][vc_column offset=\u00bbvc_hidden-lg vc_hidden-md vc_hidden-sm\u00bb][vc_row_inner][vc_column_inner width=\u00bb1\/2&#8243;][vc_column_text css=\u00bb.vc_custom_1618291746392{padding-top: 30px !important;}\u00bb]<span style=\"font-weight: 600; font-size: 40px;\"><span style=\"color: #ffffff;\">Acta<\/span><\/span><\/p>\n<p><span style=\"font-weight: 600; font-size: 40px;\"><span style=\"color: #e6b200;\">Constitutiva<\/span><\/span>[\/vc_column_text][\/vc_column_inner][vc_column_inner width=\u00bb1\/2&#8243;][vc_single_image image=\u00bb1330&#8243; img_size=\u00bb300&#215;474&#8243; alignment=\u00bbcenter\u00bb onclick=\u00bbzoom\u00bb][\/vc_column_inner][\/vc_row_inner][\/vc_column][\/vc_row]\n<\/div>","protected":false},"excerpt":{"rendered":"<p>[vc_row full_width=\u00bbstretch_row_content\u00bb][vc_column width=\u00bb1\/6&#8243;][\/vc_column][vc_column width=\u00bb2\/3&#8243;][vc_single_image image=\u00bb1352&#8243; img_size=\u00bbfull\u00bb alignment=\u00bbcenter\u00bb][\/vc_column][vc_column width=\u00bb1\/6&#8243;][\/vc_column][\/vc_row][vc_row full_width=\u00bbstretch_row\u00bb css=\u00bb.vc_custom_1616720213159{background-color: #0d2240 !important;}\u00bb][vc_column offset=\u00bbvc_hidden-xs\u00bb][vc_row_inner css=\u00bb.vc_custom_1616786470565{padding-bottom: 30px !important;}\u00bb][vc_column_inner width=\u00bb1\/2&#8243; css=\u00bb.vc_custom_1617129799897{margin-right: 15px !important;padding-bottom: 22px !important;background-color: #ffffff !important;}\u00bb][vc_single_image image=\u00bb1303&#8243; img_size=\u00bbfull\u00bb][vc_custom_heading text=\u00bbMisi\u00f3n\u00bb font_container=\u00bbtag:h2|text_align:left|color:%23000000&#8243; use_theme_fonts=\u00bbyes\u00bb][vc_separator color=\u00bbcustom\u00bb align=\u00bbalign_left\u00bb border_width=\u00bb4&#8243; el_width=\u00bb10&#8243; accent_color=\u00bb#e6b200&#8243;][vc_column_text css=\u00bb.vc_custom_1617130771526{margin-top: -10px !important;}\u00bb]Somos un equipo de personas dispuestas a servir, en b\u00fasqueda permanente de contribuir con el bienestar integral de los habitantes del Municipio Santa Rosa De Cabal.[\/vc_column_text][\/vc_column_inner][vc_column_inner width=\u00bb1\/2&#8243; css=\u00bb.vc_custom_1617129805723{margin-left: 15px !important;background-color: #ffffff !important;}\u00bb][vc_single_image image=\u00bb1304&#8243; img_size=\u00bbfull\u00bb][vc_custom_heading text=\u00bbVisi\u00f3n\u00bb font_container=\u00bbtag:h2|text_align:left|color:%23000000&#8243; use_theme_fonts=\u00bbyes\u00bb][vc_separator color=\u00bbcustom\u00bb align=\u00bbalign_left\u00bb border_width=\u00bb4&#8243; el_width=\u00bb10&#8243; accent_color=\u00bb#e6b200&#8243;][vc_column_text css=\u00bb.vc_custom_1617130814306{margin-top: -10px !important;}\u00bb]Ser un escenario para la participaci\u00f3n activa de nuestros miembros y aliados estrat\u00e9gicos, quienes servimos al pr\u00f3jimo y cumplimos con un trabajo de altos est\u00e1ndares, para lograr calidad de vida de las personas quienes conformamos este territorio del Eje Cafetero Colombiano.[\/vc_column_text][\/vc_column_inner][\/vc_row_inner][\/vc_column][\/vc_row][vc_row full_width=\u00bbstretch_row\u00bb css=\u00bb.vc_custom_1616720213159{background-color: #0d2240 !important;}\u00bb][vc_column offset=\u00bbvc_hidden-lg vc_hidden-md vc_hidden-sm\u00bb][vc_row_inner css=\u00bb.vc_custom_1618291394175{padding-bottom: 30px !important;}\u00bb][vc_column_inner width=\u00bb1\/2&#8243; css=\u00bb.vc_custom_1618291386355{padding-bottom: 22px !important;background-color: #ffffff !important;}\u00bb][vc_single_image image=\u00bb1303&#8243; img_size=\u00bbfull\u00bb][vc_custom_heading text=\u00bbMisi\u00f3n\u00bb font_container=\u00bbtag:h2|text_align:left|color:%23000000&#8243; use_theme_fonts=\u00bbyes\u00bb][vc_separator color=\u00bbcustom\u00bb align=\u00bbalign_left\u00bb border_width=\u00bb4&#8243; el_width=\u00bb10&#8243; accent_color=\u00bb#e6b200&#8243;][vc_column_text css=\u00bb.vc_custom_1617130771526{margin-top: -10px !important;}\u00bb]Somos un equipo de personas dispuestas a servir, en b\u00fasqueda permanente de contribuir con el bienestar integral de los habitantes del Municipio Santa Rosa De Cabal.[\/vc_column_text][\/vc_column_inner][vc_column_inner width=\u00bb1\/2&#8243; css=\u00bb.vc_custom_1618291441619{margin-top: 20px !important;background-color: #ffffff !important;}\u00bb][vc_single_image image=\u00bb1304&#8243; img_size=\u00bbfull\u00bb][vc_custom_heading text=\u00bbVisi\u00f3n\u00bb font_container=\u00bbtag:h2|text_align:left|color:%23000000&#8243; use_theme_fonts=\u00bbyes\u00bb][vc_separator color=\u00bbcustom\u00bb align=\u00bbalign_left\u00bb border_width=\u00bb4&#8243; el_width=\u00bb10&#8243; accent_color=\u00bb#e6b200&#8243;][vc_column_text css=\u00bb.vc_custom_1617130814306{margin-top: -10px !important;}\u00bb]Ser un escenario para la participaci\u00f3n activa de nuestros miembros y aliados estrat\u00e9gicos, quienes servimos al pr\u00f3jimo y cumplimos con un trabajo de altos est\u00e1ndares, para lograr calidad de vida de las personas quienes conformamos este territorio del Eje Cafetero Colombiano.[\/vc_column_text][\/vc_column_inner][\/vc_row_inner][\/vc_column][\/vc_row][vc_row full_width=\u00bbstretch_row\u00bb][vc_column offset=\u00bbvc_hidden-xs\u00bb][vc_row_inner css=\u00bb.vc_custom_1616786470565{padding-bottom: 30px !important;}\u00bb][vc_column_inner width=\u00bb1\/2&#8243; css=\u00bb.vc_custom_1617130919863{margin-right: 15px !important;}\u00bb][vc_single_image image=\u00bb1305&#8243; img_size=\u00bbfull\u00bb][vc_custom_heading text=\u00bbValores organizacionales\u00bb use_theme_fonts=\u00bbyes\u00bb][vc_separator color=\u00bbcustom\u00bb align=\u00bbalign_left\u00bb [&hellip;]<\/p>\n","protected":false},"author":5,"featured_media":0,"parent":0,"menu_order":0,"comment_status":"closed","ping_status":"closed","template":"","meta":{"footnotes":""},"class_list":["post-1183","page","type-page","status-publish","hentry"],"_links":{"self":[{"href":"https:\/\/leonesmonarcasantarosa.org\/index.php?rest_route=\/wp\/v2\/pages\/1183","targetHints":{"allow":["GET"]}}],"collection":[{"href":"https:\/\/leonesmonarcasantarosa.org\/index.php?rest_route=\/wp\/v2\/pages"}],"about":[{"href":"https:\/\/leonesmonarcasantarosa.org\/index.php?rest_route=\/wp\/v2\/types\/page"}],"author":[{"embeddable":true,"href":"https:\/\/leonesmonarcasantarosa.org\/index.php?rest_route=\/wp\/v2\/users\/5"}],"replies":[{"embeddable":true,"href":"https:\/\/leonesmonarcasantarosa.org\/index.php?rest_route=%2Fwp%2Fv2%2Fcomments&post=1183"}],"version-history":[{"count":49,"href":"https:\/\/leonesmonarcasantarosa.org\/index.php?rest_route=\/wp\/v2\/pages\/1183\/revisions"}],"predecessor-version":[{"id":1795,"href":"https:\/\/leonesmonarcasantarosa.org\/index.php?rest_route=\/wp\/v2\/pages\/1183\/revisions\/1795"}],"wp:attachment":[{"href":"https:\/\/leonesmonarcasantarosa.org\/index.php?rest_route=%2Fwp%2Fv2%2Fmedia&parent=1183"}],"curies":[{"name":"wp","href":"https:\/\/api.w.org\/{rel}","templated":true}]}}